{"id":477,"date":"2018-08-14T14:42:51","date_gmt":"2018-08-14T14:42:51","guid":{"rendered":"https:\/\/etalfort.com\/?page_id=477"},"modified":"2018-08-14T18:36:47","modified_gmt":"2018-08-14T18:36:47","slug":"rayonnage-a-palettes","status":"publish","type":"page","link":"https:\/\/etalfort.com\/en\/rayonnage-a-palettes\/","title":{"rendered":"Le rack dynamique et ses avantages !"},"content":{"rendered":"<p align=\"justify\">Avec la solution de <a href=\"https:\/\/etalfort.com\/\">rayonnage \u00e0 palettes<\/a> adapt\u00e9es, il s\u2019av\u00e8re aujourd\u2019hui essentiel d\u2019installer un syst\u00e8me de rayonnage dynamique pour permettre d\u2019agencer efficacement tous vos stocks. De plus en plus populaire dans les entrep\u00f4ts et les d\u00e9p\u00f4ts de grands commerces, le rack dynamique est sans aucun doute l\u2019une des solutions les plus efficaces en logistique depuis les derni\u00e8res ann\u00e9es.<\/p>\n<p align=\"justify\"><img fetchpriority=\"high\" decoding=\"async\" class=\"aligncenter wp-image-521\" title=\"le meilleur rayonnage \u00e0 palettes dans la ville de montr\u00e9al\" src=\"https:\/\/etalfort.com\/wp-content\/uploads\/2018\/08\/dynamique-palettes.jpg\" alt=\"dynamique-palettes\" width=\"640\" height=\"480\" srcset=\"https:\/\/etalfort.com\/wp-content\/uploads\/2018\/08\/dynamique-palettes.jpg 1032w, https:\/\/etalfort.com\/wp-content\/uploads\/2018\/08\/dynamique-palettes-300x225.jpg 300w, https:\/\/etalfort.com\/wp-content\/uploads\/2018\/08\/dynamique-palettes-768x576.jpg 768w, https:\/\/etalfort.com\/wp-content\/uploads\/2018\/08\/dynamique-palettes-1024x768.jpg 1024w, https:\/\/etalfort.com\/wp-content\/uploads\/2018\/08\/dynamique-palettes-330x248.jpg 330w, https:\/\/etalfort.com\/wp-content\/uploads\/2018\/08\/dynamique-palettes-552x414.jpg 552w, https:\/\/etalfort.com\/wp-content\/uploads\/2018\/08\/dynamique-palettes-414x311.jpg 414w\" sizes=\"(max-width: 640px) 100vw, 640px\" \/><\/p>\n<p align=\"justify\">Nos experts du rack dynamique travaillent jour et nuit, essayant d\u2019apporter des solutions ad\u00e9quates de stockage professionnel \u00e0 la hauteur de vos attentes. Vous retrouverez ci-dessous, une approche au rack dynamique.<\/p>\n<h2>Rack dynamique\u00a0: d\u00e9finition<\/h2>\n<p align=\"justify\">Le rayonnage dynamique \u00e0 palettes ou carton peut vous donner l\u2019impression de prime abord de ressembler \u00e0 un rack classique, alors qu\u2019en r\u00e9alit\u00e9, il a \u00e9t\u00e9 con\u00e7u avec un design bien pr\u00e9cis. Le but de ce design est d\u2019optimiser l\u2019agencement et l\u2019acc\u00e8s de la marchandise. Le rayonnage dynamique est constitu\u00e9 de m\u00e9tal et de rails l\u00e9g\u00e8rement obliques afin de rendre le stockage de la marchandise plus facile, puisque cela permet de la faire glisser en toute s\u00fbret\u00e9 jusqu\u2019\u00e0 l\u2019autre bout de l\u2019\u00e9tag\u00e8re.<\/p>\n<p align=\"justify\">Bref, il vous suffit d\u2019entreposer votre marchandise \u00e0 l\u2019une des extr\u00e9mit\u00e9s de votre rayonnage dynamique pour ensuite la r\u00e9cup\u00e9rer du c\u00f4t\u00e9 oppos\u00e9, gr\u00e2ce au principe de gravit\u00e9, ceci vous permettant de l\u2019atteindre depuis une all\u00e9e de sortie.<\/p>\n<h2><strong>Les avantages logistiques du rayonnage dynamique<\/strong><\/h2>\n<p align=\"justify\"><img decoding=\"async\" class=\"alignleft wp-image-488\" src=\"https:\/\/etalfort.com\/wp-content\/uploads\/2018\/08\/rayonnage-dynamique.jpg\" alt=\"\" width=\"400\" height=\"400\" srcset=\"https:\/\/etalfort.com\/wp-content\/uploads\/2018\/08\/rayonnage-dynamique.jpg 600w, https:\/\/etalfort.com\/wp-content\/uploads\/2018\/08\/rayonnage-dynamique-150x150.jpg 150w, https:\/\/etalfort.com\/wp-content\/uploads\/2018\/08\/rayonnage-dynamique-300x300.jpg 300w, https:\/\/etalfort.com\/wp-content\/uploads\/2018\/08\/rayonnage-dynamique-1024x1024.jpg 1024w, https:\/\/etalfort.com\/wp-content\/uploads\/2018\/08\/rayonnage-dynamique-550x550.jpg 550w, https:\/\/etalfort.com\/wp-content\/uploads\/2018\/08\/rayonnage-dynamique-500x500.jpg 500w, https:\/\/etalfort.com\/wp-content\/uploads\/2018\/08\/rayonnage-dynamique-225x225.jpg 225w, https:\/\/etalfort.com\/wp-content\/uploads\/2018\/08\/rayonnage-dynamique-200x200.jpg 200w, https:\/\/etalfort.com\/wp-content\/uploads\/2018\/08\/rayonnage-dynamique-400x400.jpg 400w, https:\/\/etalfort.com\/wp-content\/uploads\/2018\/08\/rayonnage-dynamique-260x260.jpg 260w, https:\/\/etalfort.com\/wp-content\/uploads\/2018\/08\/rayonnage-dynamique-414x414.jpg 414w, https:\/\/etalfort.com\/wp-content\/uploads\/2018\/08\/rayonnage-dynamique-1536x1536.jpg 1536w, https:\/\/etalfort.com\/wp-content\/uploads\/2018\/08\/rayonnage-dynamique-2048x2048.jpg 2048w, https:\/\/etalfort.com\/wp-content\/uploads\/2018\/08\/rayonnage-dynamique-1100x1100.jpg 1100w, https:\/\/etalfort.com\/wp-content\/uploads\/2018\/08\/rayonnage-dynamique-1200x1200.jpg 1200w\" sizes=\"(max-width: 400px) 100vw, 400px\" \/>L\u2019installation d\u2019un rayonnage est d\u2019une importance primordiale, car le rack permet une rotation b\u00e9n\u00e9fique des produits emmagasin\u00e9s dans l\u2019entrep\u00f4t ou en magasin. De plus, cela rend le rangement plus facile sur l\u2019aire d\u2019emmagasinement. Vous pourrez bien \u00e9videmment, recourir \u00e0 un bon logiciel qui facilitera votre rangement si vous d\u00e9sirez.<\/p>\n<p align=\"justify\">Le rayonnage dynamique \u00e0 palettes est l\u2019une des solutions les plus efficaces qui puissent exister sur le march\u00e9.<\/p>\n<p align=\"justify\">En effet, le rayonnage dynamique peut s\u2019adapter parfaitement pour les environnements de travail comme les magasins et entrep\u00f4ts lorsque le volume de cueillette prend de plus grandes proportions. En r\u00e9sume, le rayonnage dynamique, contrairement \u00e0 un rayonnage \u00e0 palettes classiques, permet d\u2019accro\u00eetre le nombre de rayons \u00e0 pr\u00e9parer tout en r\u00e9duisant les mouvements du personnel.<\/p>\n<p align=\"justify\">Bref, on peut dire que le rayonnage dynamique constitue un v\u00e9ritable avantage s\u2019il est install\u00e9 par une \u00e9quipe de professionnels, comme la n\u00f4tre. Gr\u00e2ce \u00e0 ce type de rayonnage vous allez gagner \u00e9norm\u00e9ment de temps, si ce n\u2019est qu\u2019au niveau traitement des commandes.<\/p>\n<p align=\"justify\">Si vous voulez avoir plus informations sur les solutions de rack dynamique, il vous suffit de contacter directement nos \u00e9quipes, qui demeurent \u00e0 votre service pour toute requ\u00eate ou demande d\u2019information personnalis\u00e9es.<\/p>\n<h2><strong>Montage et d\u00e9montage de rayonnage<\/strong><\/h2>\n<p align=\"justify\">Si vous \u00eates \u00e0 la recherche d\u2019une solution pour votre entreposage industriel ou tout autre genre de rack de stockage qui respecte les r\u00e8gles de s\u00e9curit\u00e9, vous n\u2019avez qu\u2019\u00e0 nous contacter. Cette d\u00e9cision contribuera au succ\u00e8s de votre entreprise. Installer des rayonnages s\u2019av\u00e8re essentiellement b\u00e9n\u00e9fique en termes de productivit\u00e9.<\/p>\n<p><img decoding=\"async\" class=\"alignright wp-image-489\" style=\"text-align: justify;\" src=\"https:\/\/etalfort.com\/wp-content\/uploads\/2018\/08\/rayonnage-dynamique-1.jpg\" alt=\"\" width=\"400\" height=\"400\" srcset=\"https:\/\/etalfort.com\/wp-content\/uploads\/2018\/08\/rayonnage-dynamique-1.jpg 500w, https:\/\/etalfort.com\/wp-content\/uploads\/2018\/08\/rayonnage-dynamique-1-150x150.jpg 150w, https:\/\/etalfort.com\/wp-content\/uploads\/2018\/08\/rayonnage-dynamique-1-300x300.jpg 300w, https:\/\/etalfort.com\/wp-content\/uploads\/2018\/08\/rayonnage-dynamique-1-1024x1024.jpg 1024w\" sizes=\"(max-width: 400px) 100vw, 400px\" \/><\/p>\n<p align=\"justify\">En effet, l\u2019organisation de votre environnement de travail ou de l\u2019aire de rangement est une des conditions n\u00e9cessaires \u00e0 l\u2019augmentation de votre rendement. Ceci permet en effet de mettre en valeur vos produits, d\u2019y avoir acc\u00e8s ais\u00e9ment et d\u2019administrer vos stocks dans les meilleures conditions. Pour cela, nous vous sugg\u00e9rons d\u2019installer un rack qui soit esth\u00e9tiquement pr\u00e9sentable, et qui correspond bien \u00e0 votre type de travail. Peu importe le lieu\u00a0: magasin, garage, arri\u00e8re-boutique, nous avons le rack correspondant \u00e0 vos besoins. Vous devez avoir une planification strat\u00e9gique afin d\u2019arriver \u00e0 ranger avec efficacit\u00e9 les marchandises dans un environnement qui allie confort et vastitude. Si vous \u00eates dans le commerce des denr\u00e9es alimentaires, nous vous proposons, par exemple des racks en inox ou en aluminium.<\/p>\n<p align=\"justify\">Pour vous venir en aide, nous mettons \u00e0 votre service nos \u00e9quipes de techniciens sp\u00e9cialis\u00e9s dans le montage et le d\u00e9montage des racks.<\/p>\n<h2><strong>Montage de vos racks par des pros<\/strong><\/h2>\n<p align=\"justify\">L\u2019am\u00e9nagement de rayonnage industriel doit ob\u00e9ir incontestablement aux recommandations et mises en garde des constructeurs, m\u00eame s\u2019il est d\u2019occasion. Il est important donc de recourir \u00e0 un expert pour garantir un montage ou un d\u00e9montage parfait de vos rayonnages de rangement. Dans cette perspective, notre \u00e9quipe se compose de monteurs experts qui s\u2019\u00e9vertuent \u00e0 respecter scrupuleusement les consignes en mati\u00e8re de s\u00e9curit\u00e9.<\/p>\n<h2><strong>Le rayonnage l\u00e9ger, comment l\u2019installer\u00a0?<\/strong><\/h2>\n<p align=\"justify\"><img loading=\"lazy\" decoding=\"async\" class=\"alignleft wp-image-486\" src=\"https:\/\/etalfort.com\/wp-content\/uploads\/2018\/08\/rayonnage-lger.jpg\" alt=\"\" width=\"400\" height=\"400\" srcset=\"https:\/\/etalfort.com\/wp-content\/uploads\/2018\/08\/rayonnage-lger.jpg 800w, https:\/\/etalfort.com\/wp-content\/uploads\/2018\/08\/rayonnage-lger-150x150.jpg 150w, https:\/\/etalfort.com\/wp-content\/uploads\/2018\/08\/rayonnage-lger-300x300.jpg 300w, https:\/\/etalfort.com\/wp-content\/uploads\/2018\/08\/rayonnage-lger-768x768.jpg 768w, https:\/\/etalfort.com\/wp-content\/uploads\/2018\/08\/rayonnage-lger-1024x1024.jpg 1024w\" sizes=\"(max-width: 400px) 100vw, 400px\" \/>Qu\u2019il soit mont\u00e9 sur des montants en plastique ou en m\u00e9tal, le rayonnage l\u00e9ger est robuste, et est en mesure de supporter jusqu\u2019\u00e0 180 kg de charge par niveau. Le montage se fait simplement et rapidement. En plus, il ne demande aucun outil sp\u00e9cial. En effet, il suffit d\u2019encastrer les diff\u00e9rentes parties les unes avec les autres. Par ailleurs, il est possible de moduler en longueur ou en hauteur le rayonnage l\u00e9ger. Si vous d\u00e9sirez annexer des rayonnages, c\u2019est \u00e9galement possible, sans que vous soyez oblig\u00e9s de tout d\u00e9monter.\u00a0 Vous devez aussi savoir que tout est construit de mani\u00e8re \u00e0 respecter les consignes de s\u00e9curit\u00e9 essentielles \u00e0 une excellente stabilit\u00e9 de votre rack.<\/p>\n<p align=\"justify\">Le rayonnage l\u00e9ger, vu sa sp\u00e9cificit\u00e9 modulaire, se pr\u00eate \u00e0 plusieurs usages et vous aidera \u00e0 mieux organiser votre environnement de stockage. Peu volumineux, vous pouvez exploiter plusieurs niveaux, pour un stockage maximalis\u00e9.<\/p>\n<h2><strong>Rayonnage l\u00e9ger d\u2019occasion <\/strong><\/h2>\n<p align=\"justify\">Bien que notre inventaire varie par moment, vous pouvez \u00eatre certain que dans la majorit\u00e9 des cas vous trouverez ce que vous cherchez en mati\u00e8re de rayonnage.<\/p>\n<p align=\"justify\">Comme nos produits ne sont pas toujours disponibles en ligne, ne tardez pas \u00e0 prendre contact avec notre service commercial afin de v\u00e9rifier notre inventaire de rayonnage l\u00e9ger d\u2019occasion.<\/p>\n<p align=\"justify\">Une fois que vous avez fait votre choix, notre \u00e9quipe professionnelle s\u2019occupera de tout et elle est en mesure de faire face \u00e0 toutes les situations impr\u00e9vues.\u00a0 Enfin, notre \u00e9quipe dispose de tout le mat\u00e9riel de protection indispensables pour faire son travail en toute s\u00fbret\u00e9.<\/p>\n<h2><strong>Monter et d\u00e9monter des racks<\/strong><\/h2>\n<p><img loading=\"lazy\" decoding=\"async\" class=\"size-full wp-image-483 aligncenter\" src=\"https:\/\/etalfort.com\/wp-content\/uploads\/2018\/08\/montage.jpg\" alt=\"\" width=\"903\" height=\"387\" srcset=\"https:\/\/etalfort.com\/wp-content\/uploads\/2018\/08\/montage.jpg 903w, https:\/\/etalfort.com\/wp-content\/uploads\/2018\/08\/montage-300x129.jpg 300w, https:\/\/etalfort.com\/wp-content\/uploads\/2018\/08\/montage-768x329.jpg 768w, https:\/\/etalfort.com\/wp-content\/uploads\/2018\/08\/montage-330x141.jpg 330w, https:\/\/etalfort.com\/wp-content\/uploads\/2018\/08\/montage-900x387.jpg 900w, https:\/\/etalfort.com\/wp-content\/uploads\/2018\/08\/montage-736x315.jpg 736w, https:\/\/etalfort.com\/wp-content\/uploads\/2018\/08\/montage-414x177.jpg 414w\" sizes=\"(max-width: 903px) 100vw, 903px\" \/><\/p>\n<p>&nbsp;<\/p>\n<ul>\n<li>Montage rayonnage<\/li>\n<\/ul>\n<p align=\"justify\">Notre entreprise dispose d\u2019une \u00e9quipe hautement qualifi\u00e9e pour monter vos racks de stockage. Nous serons toujours pr\u00eats \u00e0 vous aider et cela quelle que soit la situation de votre rayonnage.<\/p>\n<ul>\n<li>D\u00e9montage de rayonnages<\/li>\n<\/ul>\n<p align=\"justify\">Nos \u00e9quipes s\u2019occupent aussi du d\u00e9montage des racks. Nous intervenons sur le d\u00e9montage de rayonnage \u00e0 palettes, du rack mi-lourd, du rack l\u00e9ger, du rack porte-\u00e0-faux.<\/p>\n<p align=\"justify\">Il vous suffit de nous communiquer votre requ\u00eate et vos plans. Une fois la requ\u00eate re\u00e7ue, nous l\u2019examinons avec minutie afin de pr\u00e9voir un plan d\u2019action pr\u00e9cis.<\/p>\n<p align=\"justify\">Nous veillerons \u00e0 ce que vos attentes soient combl\u00e9es dans les plus brefs d\u00e9lais en vous fournissant un \u00e9quipement de stockage s\u00e9curitaire, qui r\u00e9pondra \u00e0 vos besoins et qui conviendra \u00e0 votre budget, avec des prix imbattables.<\/p>\n","protected":false},"excerpt":{"rendered":"<p>Avec la solution de rayonnage \u00e0 palettes adapt\u00e9es, il s\u2019av\u00e8re aujourd\u2019hui essentiel d\u2019installer un syst\u00e8me de rayonnage dynamique pour permettre d\u2019agencer efficacement tous vos stocks. De plus en plus populaire dans les entrep\u00f4ts et les d\u00e9p\u00f4ts de grands commerces, le rack dynamique est sans aucun doute l\u2019une des solutions les plus efficaces en logistique depuis [&hellip;]<\/p>\n","protected":false},"author":2,"featured_media":0,"parent":0,"menu_order":0,"comment_status":"closed","ping_status":"closed","template":"","meta":{"_acf_changed":false,"footnotes":""},"acf":[],"yoast_head":"<!-- This site is optimized with the Yoast SEO plugin v22.0 - https:\/\/yoast.com\/wordpress\/plugins\/seo\/ -->\n<title>La mise en place de votre rayonnage \u00e0 palette avec nos experts.<\/title>\n<meta name=\"description\" content=\"Optez pour le rayonnage \u00e0 palette de notre soci\u00e9t\u00e9 pour mieux garder vos stocks. Nous pourrons aussi vous assister pour sa mise en place.\" \/>\n<meta name=\"robots\" content=\"index, follow, max-snippet:-1, max-image-preview:large, max-video-preview:-1\" \/>\n<link rel=\"canonical\" href=\"https:\/\/etalfort.com\/rayonnage-a-palettes\/\" \/>\n<meta property=\"og:locale\" content=\"en_US\" \/>\n<meta property=\"og:type\" content=\"article\" \/>\n<meta property=\"og:title\" content=\"La mise en place de votre rayonnage \u00e0 palette avec nos experts.\" \/>\n<meta property=\"og:description\" content=\"Optez pour le rayonnage \u00e0 palette de notre soci\u00e9t\u00e9 pour mieux garder vos stocks. Nous pourrons aussi vous assister pour sa mise en place.\" \/>\n<meta property=\"og:url\" content=\"https:\/\/etalfort.com\/rayonnage-a-palettes\/\" \/>\n<meta property=\"og:site_name\" content=\"\u00c9talfort\" \/>\n<meta property=\"article:modified_time\" content=\"2018-08-14T18:36:47+00:00\" \/>\n<meta property=\"og:image\" content=\"https:\/\/etalfort.com\/wp-content\/uploads\/2018\/08\/dynamique-palettes.jpg\" \/>\n<meta name=\"twitter:card\" content=\"summary_large_image\" \/>\n<meta name=\"twitter:label1\" content=\"Est. reading time\" \/>\n\t<meta name=\"twitter:data1\" content=\"6 minutes\" \/>\n<script type=\"application\/ld+json\" class=\"yoast-schema-graph\">{\"@context\":\"https:\/\/schema.org\",\"@graph\":[{\"@type\":\"WebPage\",\"@id\":\"https:\/\/etalfort.com\/rayonnage-a-palettes\/\",\"url\":\"https:\/\/etalfort.com\/rayonnage-a-palettes\/\",\"name\":\"La mise en place de votre rayonnage \u00e0 palette avec nos experts.\",\"isPartOf\":{\"@id\":\"https:\/\/etalfort.com\/#website\"},\"datePublished\":\"2018-08-14T14:42:51+00:00\",\"dateModified\":\"2018-08-14T18:36:47+00:00\",\"description\":\"Optez pour le rayonnage \u00e0 palette de notre soci\u00e9t\u00e9 pour mieux garder vos stocks. Nous pourrons aussi vous assister pour sa mise en place.\",\"breadcrumb\":{\"@id\":\"https:\/\/etalfort.com\/rayonnage-a-palettes\/#breadcrumb\"},\"inLanguage\":\"en-US\",\"potentialAction\":[{\"@type\":\"ReadAction\",\"target\":[\"https:\/\/etalfort.com\/rayonnage-a-palettes\/\"]}]},{\"@type\":\"BreadcrumbList\",\"@id\":\"https:\/\/etalfort.com\/rayonnage-a-palettes\/#breadcrumb\",\"itemListElement\":[{\"@type\":\"ListItem\",\"position\":1,\"name\":\"Home\",\"item\":\"https:\/\/etalfort.com\/en\/\"},{\"@type\":\"ListItem\",\"position\":2,\"name\":\"Le rack dynamique et ses avantages !\"}]},{\"@type\":\"WebSite\",\"@id\":\"https:\/\/etalfort.com\/#website\",\"url\":\"https:\/\/etalfort.com\/\",\"name\":\"\u00c9talfort\",\"description\":\"Racking et \u00e9tag\u00e8re usag\u00e9s\",\"potentialAction\":[{\"@type\":\"SearchAction\",\"target\":{\"@type\":\"EntryPoint\",\"urlTemplate\":\"https:\/\/etalfort.com\/?s={search_term_string}\"},\"query-input\":\"required name=search_term_string\"}],\"inLanguage\":\"en-US\"}]}<\/script>\n<!-- \/ Yoast SEO plugin. -->","yoast_head_json":{"title":"La mise en place de votre rayonnage \u00e0 palette avec nos experts.","description":"Optez pour le rayonnage \u00e0 palette de notre soci\u00e9t\u00e9 pour mieux garder vos stocks. Nous pourrons aussi vous assister pour sa mise en place.","robots":{"index":"index","follow":"follow","max-snippet":"max-snippet:-1","max-image-preview":"max-image-preview:large","max-video-preview":"max-video-preview:-1"},"canonical":"https:\/\/etalfort.com\/rayonnage-a-palettes\/","og_locale":"en_US","og_type":"article","og_title":"La mise en place de votre rayonnage \u00e0 palette avec nos experts.","og_description":"Optez pour le rayonnage \u00e0 palette de notre soci\u00e9t\u00e9 pour mieux garder vos stocks. Nous pourrons aussi vous assister pour sa mise en place.","og_url":"https:\/\/etalfort.com\/rayonnage-a-palettes\/","og_site_name":"\u00c9talfort","article_modified_time":"2018-08-14T18:36:47+00:00","og_image":[{"url":"https:\/\/etalfort.com\/wp-content\/uploads\/2018\/08\/dynamique-palettes.jpg"}],"twitter_card":"summary_large_image","twitter_misc":{"Est. reading time":"6 minutes"},"schema":{"@context":"https:\/\/schema.org","@graph":[{"@type":"WebPage","@id":"https:\/\/etalfort.com\/rayonnage-a-palettes\/","url":"https:\/\/etalfort.com\/rayonnage-a-palettes\/","name":"La mise en place de votre rayonnage \u00e0 palette avec nos experts.","isPartOf":{"@id":"https:\/\/etalfort.com\/#website"},"datePublished":"2018-08-14T14:42:51+00:00","dateModified":"2018-08-14T18:36:47+00:00","description":"Optez pour le rayonnage \u00e0 palette de notre soci\u00e9t\u00e9 pour mieux garder vos stocks. Nous pourrons aussi vous assister pour sa mise en place.","breadcrumb":{"@id":"https:\/\/etalfort.com\/rayonnage-a-palettes\/#breadcrumb"},"inLanguage":"en-US","potentialAction":[{"@type":"ReadAction","target":["https:\/\/etalfort.com\/rayonnage-a-palettes\/"]}]},{"@type":"BreadcrumbList","@id":"https:\/\/etalfort.com\/rayonnage-a-palettes\/#breadcrumb","itemListElement":[{"@type":"ListItem","position":1,"name":"Home","item":"https:\/\/etalfort.com\/en\/"},{"@type":"ListItem","position":2,"name":"Le rack dynamique et ses avantages !"}]},{"@type":"WebSite","@id":"https:\/\/etalfort.com\/#website","url":"https:\/\/etalfort.com\/","name":"\u00c9talfort","description":"Racking et \u00e9tag\u00e8re usag\u00e9s","potentialAction":[{"@type":"SearchAction","target":{"@type":"EntryPoint","urlTemplate":"https:\/\/etalfort.com\/?s={search_term_string}"},"query-input":"required name=search_term_string"}],"inLanguage":"en-US"}]}},"_links":{"self":[{"href":"https:\/\/etalfort.com\/en\/wp-json\/wp\/v2\/pages\/477"}],"collection":[{"href":"https:\/\/etalfort.com\/en\/wp-json\/wp\/v2\/pages"}],"about":[{"href":"https:\/\/etalfort.com\/en\/wp-json\/wp\/v2\/types\/page"}],"author":[{"embeddable":true,"href":"https:\/\/etalfort.com\/en\/wp-json\/wp\/v2\/users\/2"}],"replies":[{"embeddable":true,"href":"https:\/\/etalfort.com\/en\/wp-json\/wp\/v2\/comments?post=477"}],"version-history":[{"count":5,"href":"https:\/\/etalfort.com\/en\/wp-json\/wp\/v2\/pages\/477\/revisions"}],"predecessor-version":[{"id":525,"href":"https:\/\/etalfort.com\/en\/wp-json\/wp\/v2\/pages\/477\/revisions\/525"}],"wp:attachment":[{"href":"https:\/\/etalfort.com\/en\/wp-json\/wp\/v2\/media?parent=477"}],"curies":[{"name":"wp","href":"https:\/\/api.w.org\/{rel}","templated":true}]}}